{"id":1415,"date":"2021-07-16T12:18:37","date_gmt":"2021-07-16T12:18:37","guid":{"rendered":"https:\/\/dcadha.webs.upv.es\/titols\/"},"modified":"2023-01-17T11:05:31","modified_gmt":"2023-01-17T11:05:31","slug":"titols","status":"publish","type":"page","link":"https:\/\/dcadha.webs.upv.es\/ca\/titols\/","title":{"rendered":"T\u00edtols"},"content":{"rendered":"\n<p class=\"has-text-color\" style=\"color:#222222\">El DCADHA \u00e9s ERT (estructura responsable de t\u00edtol) del <strong><a rel=\"noreferrer noopener\" href=\"http:\/\/mastergestioncultural.es\/\" target=\"_blank\">M\u00e0ster Universitari en Gesti\u00f3 Cultural<\/a><\/strong> la finalitat del qual \u00e9s la investigaci\u00f3 aplicada al sector cultural i la formaci\u00f3 per al desenvolupament professional en l&#8217;ocupaci\u00f3 i les empreses culturals. <\/p>\n\n\n\n<p class=\"has-text-color\" style=\"color:#222222\">El nostre departament compta a m\u00e9s amb el seu propi programa de doctorat. Es tracta del <strong><a rel=\"noreferrer noopener\" href=\"https:\/\/www.upv.es\/entidades\/EDOCTORADO\/info\/1004639normalc.html\" target=\"_blank\">Programa de Doctorat d&#8217;Ind\u00fastries de la Comunicaci\u00f3 i Culturals<\/a><\/strong>, que t\u00e9 com a objectiu fomentar la investigaci\u00f3 i avaluaci\u00f3 de les diferents dimensions de la cultura, la comunicaci\u00f3 i la informaci\u00f3, aglutinant perfils d&#8217;humanitats, arts i ci\u00e8ncies socials i oferint als alumnes una via d&#8217;especialitzaci\u00f3 en una mena d&#8217;investigaci\u00f3 molt hibridada on les sinergies entre aquests perfils sorgeixen de manera natural. <\/p>\n\n\n\n<p class=\"has-text-align-left has-text-color\" style=\"color:#222222\">A m\u00e9s, com veurem a continuaci\u00f3 imparteix doc\u00e8ncia en dos t\u00edtols propis i altres quinze t\u00edtols oficials.<\/p>\n\n\n\n<div style=\"height:50px\" aria-hidden=\"true\" class=\"wp-block-spacer\"><\/div>\n\n\n\n<figure class=\"wp-block-image size-large\"><img loading=\"lazy\" decoding=\"async\" width=\"2560\" height=\"1196\" src=\"https:\/\/dcadha.webs.upv.es\/wp-content\/uploads\/2022\/07\/DCADHA-18-2-edited-scaled.jpg\" alt=\"\" class=\"wp-image-936\" srcset=\"https:\/\/dcadha.webs.upv.es\/wp-content\/uploads\/2022\/07\/DCADHA-18-2-edited-scaled.jpg 2560w, https:\/\/dcadha.webs.upv.es\/wp-content\/uploads\/2022\/07\/DCADHA-18-2-edited-300x140.jpg 300w, https:\/\/dcadha.webs.upv.es\/wp-content\/uploads\/2022\/07\/DCADHA-18-2-edited-1024x478.jpg 1024w, https:\/\/dcadha.webs.upv.es\/wp-content\/uploads\/2022\/07\/DCADHA-18-2-edited-768x359.jpg 768w, https:\/\/dcadha.webs.upv.es\/wp-content\/uploads\/2022\/07\/DCADHA-18-2-edited-1536x718.jpg 1536w, https:\/\/dcadha.webs.upv.es\/wp-content\/uploads\/2022\/07\/DCADHA-18-2-edited-2048x957.jpg 2048w, https:\/\/dcadha.webs.upv.es\/wp-content\/uploads\/2022\/07\/DCADHA-18-2-edited-150x70.jpg 150w\" sizes=\"auto, (max-width: 2560px) 100vw, 2560px\" \/><\/figure>\n\n\n\n<div style=\"height:100px\" aria-hidden=\"true\" class=\"wp-block-spacer\"><\/div>\n\n\n\n<div class=\"wp-block-group\"><div class=\"wp-block-group__inner-container is-layout-flow wp-block-group-is-layout-flow\">\n<p class=\"has-text-align-center subheading\" id=\"block-23e1a9a9-0aaf-4ef1-9f0b-a2f39d1f8c98\">Titulacions<\/p>\n\n\n\n<h2 class=\"has-text-align-center wp-block-heading\" id=\"block-2e689cd5-c1b6-4149-a316-7b3a0cd1684c\">T\u00edtols propis<\/h2>\n\n\n\n<p class=\"has-text-align-center pl-5 pr-5 has-text-color\" style=\"color:#222222\">El Departament DCADHA compta amb 2 t\u00edtols propis<\/p>\n<\/div><\/div>\n\n\n\n<div style=\"height:50px\" aria-hidden=\"true\" class=\"wp-block-spacer\"><\/div>\n\n\n\n<div class=\"wp-block-columns is-layout-flex wp-container-core-columns-is-layout-9d6595d7 wp-block-columns-is-layout-flex\">\n<div class=\"wp-block-column is-layout-flow wp-block-column-is-layout-flow\">\n<div class=\"\">\n\n                          <div class=\"about-text-block small\">\n        <div class=\"icon-box\">\n          <i class=\"fal fa-brush\"><\/i>\n        <\/div>\n        <div class=\"about-desc\">\n          <h6>\n                            <a href=\"https:\/\/www.cfp.upv.es\/formacion-permanente\/curso\/diploma-especializacion-mediacion-traves-arte_73321.html\" target=\"_blank\">Diploma d&#8217;especialitzaci\u00f3 en mediaci\u00f3 a trav\u00e9s de l&#8217;art<\/a>\n                      <\/h6>\n          <p><\/p>\n        <\/div>\n        <\/div>\n          \n<\/div>\n<\/div>\n\n\n\n<div class=\"wp-block-column is-layout-flow wp-block-column-is-layout-flow\">\n<div class=\"\">\n\n                          <div class=\"about-text-block small\">\n        <div class=\"icon-box\">\n          <i class=\"fal fa-pencil-paintbrush\"><\/i>\n        <\/div>\n        <div class=\"about-desc\">\n          <h6>\n                            <a href=\"http:\/\/arteterapia.webs.upv.es\/\" target=\"_blank\">M\u00e0ster en Artter\u00e0pia<\/a>\n                      <\/h6>\n          <p><\/p>\n        <\/div>\n        <\/div>\n          \n<\/div>\n<\/div>\n<\/div>\n\n\n\n<div style=\"height:50px\" aria-hidden=\"true\" class=\"wp-block-spacer\"><\/div>\n\n\n\n<div class=\"wp-block-group\"><div class=\"wp-block-group__inner-container is-layout-flow wp-block-group-is-layout-flow\">\n<p class=\"has-text-align-center subheading\" id=\"block-23e1a9a9-0aaf-4ef1-9f0b-a2f39d1f8c98\">Titulacions<\/p>\n\n\n\n<h2 class=\"has-text-align-center wp-block-heading\" id=\"block-2e689cd5-c1b6-4149-a316-7b3a0cd1684c\">T\u00edtols oficials<\/h2>\n\n\n\n<p class=\"has-text-align-center pl-5 pr-5 has-text-color\" style=\"color:#222222\">El Departament DCADHA participa en 16 t\u00edtols oficials<\/p>\n<\/div><\/div>\n\n\n\n<div style=\"height:50px\" aria-hidden=\"true\" class=\"wp-block-spacer\"><\/div>\n\n\n\n<div class=\"wp-block-columns is-layout-flex wp-container-core-columns-is-layout-9d6595d7 wp-block-columns-is-layout-flex\">\n<div class=\"wp-block-column is-layout-flow wp-block-column-is-layout-flow\">\n<div class=\"\">\n\n                          <div class=\"about-text-block small\">\n        <div class=\"icon-box\">\n          <i class=\"fal fa-paint-brush\"><\/i>\n        <\/div>\n        <div class=\"about-desc\">\n          <h6>\n                            <a href=\"http:\/\/www.upv.es\/titulaciones\/GBA\/index-es.html\" target=\"_blank\">Grau en Belles arts<\/a>\n                      <\/h6>\n          <p><\/p>\n        <\/div>\n        <\/div>\n                      <div class=\"about-text-block small\">\n        <div class=\"icon-box\">\n          <i class=\"fal fa-palette\"><\/i>\n        <\/div>\n        <div class=\"about-desc\">\n          <h6>\n                            <a href=\"https:\/\/www.upv.es\/titulaciones\/GCRBC\/indexc.html\" target=\"_blank\">Grau en Conservaci\u00f3 i Restauraci\u00f3 de B\u00e9ns Culturals <\/a>\n                      <\/h6>\n          <p><\/p>\n        <\/div>\n        <\/div>\n                      <div class=\"about-text-block small\">\n        <div class=\"icon-box\">\n          <i class=\"fal fa-archway\"><\/i>\n        <\/div>\n        <div class=\"about-desc\">\n          <h6>\n                            <a href=\"http:\/\/www.upv.es\/titulaciones\/GGT\/index-es.html\" target=\"_blank\">Grau en Turisme<\/a>\n                      <\/h6>\n          <p><\/p>\n        <\/div>\n        <\/div>\n                      <div class=\"about-text-block small\">\n        <div class=\"icon-box\">\n          <i class=\"fal fa-icons-alt\"><\/i>\n        <\/div>\n        <div class=\"about-desc\">\n          <h6>\n                            <a href=\"https:\/\/www.upv.es\/titulaciones\/GDTC\/\" target=\"_blank\">Grau en Disseny i Tecnologies Creatives <\/a>\n                      <\/h6>\n          <p><\/p>\n        <\/div>\n        <\/div>\n                      <div class=\"about-text-block small\">\n        <div class=\"icon-box\">\n          <i class=\"fal fa-file-certificate\"><\/i>\n        <\/div>\n        <div class=\"about-desc\">\n          <h6>\n                            <a href=\"http:\/\/www.upv.es\/titulaciones\/GGAP\/index-es.html\" target=\"_blank\">Grau en Gesti\u00f3 i Administraci\u00f3 P\u00fablica<\/a>\n                      <\/h6>\n          <p><\/p>\n        <\/div>\n        <\/div>\n                      <div class=\"about-text-block small\">\n        <div class=\"icon-box\">\n          <i class=\"fal fa-code\"><\/i>\n        <\/div>\n        <div class=\"about-desc\">\n          <h6>\n                            <a href=\"http:\/\/www.upv.es\/titulaciones\/GII\/\" target=\"_blank\">Grau en Enginyeria Inform\u00e0tica<\/a>\n                      <\/h6>\n          <p><\/p>\n        <\/div>\n        <\/div>\n                      <div class=\"about-text-block small\">\n        <div class=\"icon-box\">\n          <i class=\"fal fa-camera-movie\"><\/i>\n        <\/div>\n        <div class=\"about-desc\">\n          <h6>\n                            <a href=\"http:\/\/www.upv.es\/titulaciones\/GCOA\/index-es.html\" target=\"_blank\">Grau en Comunicaci\u00f3 Audiovisual <\/a>\n                      <\/h6>\n          <p><\/p>\n        <\/div>\n        <\/div>\n                      <div class=\"about-text-block small\">\n        <div class=\"icon-box\">\n          <i class=\"fal fa-database\"><\/i>\n        <\/div>\n        <div class=\"about-desc\">\n          <h6>\n                            <a href=\"https:\/\/www.upv.es\/titulaciones\/GCD\/\" target=\"_blank\">Grau en Ci\u00e8ncia de Dades<\/a>\n                      <\/h6>\n          <p><\/p>\n        <\/div>\n        <\/div>\n                      <div class=\"about-text-block small\">\n        <div class=\"icon-box\">\n          <i class=\"fal fa-computer-speaker\"><\/i>\n        <\/div>\n        <div class=\"about-desc\">\n          <h6>\n                            <a href=\"https:\/\/www.upv.es\/titulaciones\/GTDM\/\" target=\"_blank\">Grau en Tecnologia Digital i Multim\u00e8dia<\/a>\n                      <\/h6>\n          <p><\/p>\n        <\/div>\n        <\/div>\n          \n<\/div>\n<\/div>\n\n\n\n<div class=\"wp-block-column is-layout-flow wp-block-column-is-layout-flow\">\n<div class=\"\">\n\n                          <div class=\"about-text-block small\">\n        <div class=\"icon-box\">\n          <i class=\"fal fa-university\"><\/i>\n        <\/div>\n        <div class=\"about-desc\">\n          <h6>\n                            <a href=\"https:\/\/mastergestioncultural.es\/)\" target=\"_blank\">M\u00e0ster Universitari en Gesti\u00f3 Cultural<\/a>\n                      <\/h6>\n          <p><\/p>\n        <\/div>\n        <\/div>\n                      <div class=\"about-text-block small\">\n        <div class=\"icon-box\">\n          <i class=\"fal fa-shapes\"><\/i>\n        <\/div>\n        <div class=\"about-desc\">\n          <h6>\n                            <a href=\"https:\/\/masterprodart.webs.upv.es\/\" target=\"_blank\">M\u00e0ster Universitari en Producci\u00f3 Art\u00edstica <\/a>\n                      <\/h6>\n          <p><\/p>\n        <\/div>\n        <\/div>\n                      <div class=\"about-text-block small\">\n        <div class=\"icon-box\">\n          <i class=\"fal fa-file-invoice\"><\/i>\n        <\/div>\n        <div class=\"about-desc\">\n          <h6>\n                            <a href=\"http:\/\/mugi.webs.upv.es\/\" target=\"_blank\">M\u00e0ster Universitari en Gesti\u00f3 de la Informaci\u00f3<\/a>\n                      <\/h6>\n          <p><\/p>\n        <\/div>\n        <\/div>\n                      <div class=\"about-text-block small\">\n        <div class=\"icon-box\">\n          <i class=\"fal fa-desktop-alt\"><\/i>\n        <\/div>\n        <div class=\"about-desc\">\n          <h6>\n                            <a href=\"http:\/\/www.artesvisualesymultimedia.com\/\" target=\"_blank\">M\u00e0ster Universitari en Arts Visuals i Multim\u00e8dia <\/a>\n                      <\/h6>\n          <p><\/p>\n        <\/div>\n        <\/div>\n                      <div class=\"about-text-block small\">\n        <div class=\"icon-box\">\n          <i class=\"fal fa-window-restore\"><\/i>\n        <\/div>\n        <div class=\"about-desc\">\n          <h6>\n                            <a href=\"https:\/\/transmedia.webs.upv.es\/\" target=\"_blank\">M\u00e0ster Universitari en Comunicaci\u00f3 Transm\u00e8dia <\/a>\n                      <\/h6>\n          <p><\/p>\n        <\/div>\n        <\/div>\n                      <div class=\"about-text-block small\">\n        <div class=\"icon-box\">\n          <i class=\"fal fa-tablet-android-alt\"><\/i>\n        <\/div>\n        <div class=\"about-desc\">\n          <h6>\n                            <a href=\"http:\/\/www.upv.es\/titulaciones\/MUSMCC\/indexc.html\" target=\"_blank\">M\u00e0ster Universitari en Mitj\u00e0 social i Comunicaci\u00f3 Corporativa <\/a>\n                      <\/h6>\n          <p><\/p>\n        <\/div>\n        <\/div>\n                      <div class=\"about-text-block small\">\n        <div class=\"icon-box\">\n          <i class=\"fal fa-tv\"><\/i>\n        <\/div>\n        <div class=\"about-desc\">\n          <h6>\n                            <a href=\"https:\/\/www.upv.es\/titulaciones\/MUPD\/indexc.html\" target=\"_blank\">M\u00e0ster Universitari en Postproducci\u00f3 Digital <\/a>\n                      <\/h6>\n          <p><\/p>\n        <\/div>\n        <\/div>\n          \n<\/div>\n<\/div>\n<\/div>\n","protected":false},"excerpt":{"rendered":"<p>El DCADHA \u00e9s ERT (estructura responsable de t\u00edtol) del M\u00e0ster Universitari en Gesti\u00f3 Cultural la finalitat del qual \u00e9s la investigaci\u00f3 aplicada al sector cultural i la formaci\u00f3 per al desenvolupament professional en l&#8217;ocupaci\u00f3 i les empreses culturals. El nostre departament compta a m\u00e9s amb el seu propi programa de doctorat. Es tracta del Programa [&hellip;]<\/p>\n","protected":false},"author":1,"featured_media":1167,"parent":0,"menu_order":0,"comment_status":"closed","ping_status":"closed","template":"","meta":{"_acf_changed":false,"footnotes":""},"class_list":["post-1415","page","type-page","status-publish","has-post-thumbnail","hentry"],"acf":[],"_links":{"self":[{"href":"https:\/\/dcadha.webs.upv.es\/ca\/wp-json\/wp\/v2\/pages\/1415","targetHints":{"allow":["GET"]}}],"collection":[{"href":"https:\/\/dcadha.webs.upv.es\/ca\/wp-json\/wp\/v2\/pages"}],"about":[{"href":"https:\/\/dcadha.webs.upv.es\/ca\/wp-json\/wp\/v2\/types\/page"}],"author":[{"embeddable":true,"href":"https:\/\/dcadha.webs.upv.es\/ca\/wp-json\/wp\/v2\/users\/1"}],"replies":[{"embeddable":true,"href":"https:\/\/dcadha.webs.upv.es\/ca\/wp-json\/wp\/v2\/comments?post=1415"}],"version-history":[{"count":3,"href":"https:\/\/dcadha.webs.upv.es\/ca\/wp-json\/wp\/v2\/pages\/1415\/revisions"}],"predecessor-version":[{"id":1454,"href":"https:\/\/dcadha.webs.upv.es\/ca\/wp-json\/wp\/v2\/pages\/1415\/revisions\/1454"}],"wp:featuredmedia":[{"embeddable":true,"href":"https:\/\/dcadha.webs.upv.es\/ca\/wp-json\/wp\/v2\/media\/1167"}],"wp:attachment":[{"href":"https:\/\/dcadha.webs.upv.es\/ca\/wp-json\/wp\/v2\/media?parent=1415"}],"curies":[{"name":"wp","href":"https:\/\/api.w.org\/{rel}","templated":true}]}}